{"id":829,"date":"2017-06-09T09:45:31","date_gmt":"2017-06-09T07:45:31","guid":{"rendered":"https:\/\/cangasol.net\/?page_id=829\/"},"modified":"2017-06-09T10:18:48","modified_gmt":"2017-06-09T08:18:48","slug":"entorno","status":"publish","type":"page","link":"https:\/\/cangasol.net\/es\/entorno\/","title":{"rendered":"Entorno"},"content":{"rendered":"<div id=\"pl-829\"  class=\"panel-layout\" ><div id=\"pg-829-0\"  class=\"panel-grid panel-has-style\" ><div class=\"siteorigin-panels-stretch panel-row-style panel-row-style-for-829-0\" data-stretch-type=\"full\" ><div id=\"pgc-829-0-0\"  class=\"panel-grid-cell panel-grid-cell-mobile-last\" ><div id=\"panel-829-0-0-0\" class=\"so-panel widget widget_sow-editor panel-first-child panel-last-child\" data-index=\"0\" ><div class=\"cont-slider-leyenda panel-widget-style panel-widget-style-for-829-0-0-0\" ><div\n\t\t\t\n\t\t\tclass=\"so-widget-sow-editor so-widget-sow-editor-base\"\n\t\t\t\n\t\t>\n<div class=\"siteorigin-widget-tinymce textwidget\">\n\t<h1>La comarca<\/h1>\n<p>La comarca administrativa de la <b>Conca de Barber\u00e0<\/b> est\u00e1 situada al sud de Catalunya, dentro de la provincia de Tarragona. Es una comarca de interior que limita con las comarcas tarragonas de Alt Camp y Priorat, con las comarcas leridanas de les Garrigues, Urgell y la Segarra; y la comarca barcelon\u00ed de Anoia.<\/p>\n<p>La Conca de Barber\u00e0 es una comarca interior situada en el extremo sud-occidental de Catalunya. Es una de las comarcas catalanas mas claramente definidas desde el punto de vista geogr\u00e1fico; una de las mas antiguas desde el punto de vista hist\u00f3rico y de nombre mas usado ya en el siglo XVII. Nombre que, curiosamente, no proviene de su capital,<b> Montblanc,<\/b> sino de un peque\u00f1o municipio: Barber\u00e0 de la Conca.<\/p>\n<\/div>\n<\/div><\/div><\/div><\/div><div id=\"pgc-829-0-1\"  class=\"panel-grid-cell panel-grid-cell-empty\" ><\/div><\/div><\/div><div id=\"pg-829-1\"  class=\"panel-grid panel-has-style\" ><div class=\"siteorigin-panels-stretch panel-row-style panel-row-style-for-829-1\" data-stretch-type=\"full\" ><div id=\"pgc-829-1-0\"  class=\"panel-grid-cell\" ><div id=\"panel-829-1-0-0\" class=\"so-panel widget widget_sow-editor panel-first-child\" data-index=\"1\" ><div\n\t\t\t\n\t\t\tclass=\"so-widget-sow-editor so-widget-sow-editor-base\"\n\t\t\t\n\t\t>\n<div class=\"siteorigin-widget-tinymce textwidget\">\n\t<h2>Monasterio de Poblet<\/h2>\n<p>El real monasterio de <strong>Santa Maria de Poblet<\/strong> se encuentra situado entre las poblaciones de Vimbod\u00ed, municipio al que pertenece, y Espluga de Francol\u00ed. En medio de un paraje de gran belleza natural: el bosque de Poblet. Poblet constituye un impresionante conjunto arquitect\u00f3nico y se puede contar entre los conjuntos mon\u00e1sticos mas importantes de Europa. Declarado por la <strong>UNESCO ''Patrimonio de la Humanidad''<\/strong><\/p>\n<\/div>\n<\/div><\/div><div id=\"panel-829-1-0-1\" class=\"so-panel widget widget_sow-simple-masonry panel-last-child\" data-index=\"2\" ><div\n\t\t\t\n\t\t\tclass=\"so-widget-sow-simple-masonry so-widget-sow-simple-masonry-default-d75171398898-829\"\n\t\t\t\n\t\t>\n\n<div class=\"sow-masonry-grid\"\n\tdata-layouts=\"{&quot;desktop&quot;:{&quot;numColumns&quot;:4,&quot;rowHeight&quot;:200,&quot;gutter&quot;:20},&quot;tablet&quot;:{&quot;breakPoint&quot;:768,&quot;numColumns&quot;:2,&quot;rowHeight&quot;:0,&quot;gutter&quot;:0},&quot;mobile&quot;:{&quot;breakPoint&quot;:480,&quot;numColumns&quot;:1,&quot;rowHeight&quot;:0,&quot;gutter&quot;:0}}\" data-layout-origin-left=\"true\" >\n\t\t\t\t<div class=\"sow-masonry-grid-item\" data-col-span=\"1\"\n\t\t\t\tdata-row-span=\"1\">\n\t\t\t\t\n\t\t\t\t\n\t\t\t\t<img loading=\"lazy\" decoding=\"async\" width=\"600\" height=\"450\" src=\"https:\/\/cangasol.net\/wp-content\/uploads\/casa-4.jpg\" class=\"sow-masonry-grid-image\" alt=\"\" title=\"\" srcset=\"https:\/\/cangasol.net\/wp-content\/uploads\/casa-4.jpg 600w, https:\/\/cangasol.net\/wp-content\/uploads\/casa-4-300x225.jpg 300w\" sizes=\"auto, (max-width: 600px) 100vw, 600px\" \/>\n\t\t\t\t\n\t\t\t\t\t\t\t<\/div>\n\t\t\t\t\t\t<div class=\"sow-masonry-grid-item\" data-col-span=\"1\"\n\t\t\t\tdata-row-span=\"1\">\n\t\t\t\t\n\t\t\t\t\n\t\t\t\t<img loading=\"lazy\" decoding=\"async\" width=\"600\" height=\"450\" src=\"https:\/\/cangasol.net\/wp-content\/uploads\/casa-5.jpg\" class=\"sow-masonry-grid-image\" alt=\"\" title=\"\" srcset=\"https:\/\/cangasol.net\/wp-content\/uploads\/casa-5.jpg 600w, https:\/\/cangasol.net\/wp-content\/uploads\/casa-5-300x225.jpg 300w\" sizes=\"auto, (max-width: 600px) 100vw, 600px\" \/>\n\t\t\t\t\n\t\t\t\t\t\t\t<\/div>\n\t\t\t\t\t\t<div class=\"sow-masonry-grid-item\" data-col-span=\"1\"\n\t\t\t\tdata-row-span=\"1\">\n\t\t\t\t\n\t\t\t\t\n\t\t\t\t<img loading=\"lazy\" decoding=\"async\" width=\"600\" height=\"450\" src=\"https:\/\/cangasol.net\/wp-content\/uploads\/casa-3.jpg\" class=\"sow-masonry-grid-image\" alt=\"\" title=\"\" srcset=\"https:\/\/cangasol.net\/wp-content\/uploads\/casa-3.jpg 600w, https:\/\/cangasol.net\/wp-content\/uploads\/casa-3-300x225.jpg 300w\" sizes=\"auto, (max-width: 600px) 100vw, 600px\" \/>\n\t\t\t\t\n\t\t\t\t\t\t\t<\/div>\n\t\t\t\t\t\t<div class=\"sow-masonry-grid-item\" data-col-span=\"1\"\n\t\t\t\tdata-row-span=\"1\">\n\t\t\t\t\n\t\t\t\t\n\t\t\t\t<img loading=\"lazy\" decoding=\"async\" width=\"600\" height=\"450\" src=\"https:\/\/cangasol.net\/wp-content\/uploads\/casa-6.jpg\" class=\"sow-masonry-grid-image\" alt=\"\" title=\"\" srcset=\"https:\/\/cangasol.net\/wp-content\/uploads\/casa-6.jpg 600w, https:\/\/cangasol.net\/wp-content\/uploads\/casa-6-300x225.jpg 300w\" sizes=\"auto, (max-width: 600px) 100vw, 600px\" \/>\n\t\t\t\t\n\t\t\t\t\t\t\t<\/div>\n\t\t\t\n<\/div>\n<\/div><\/div><\/div><\/div><\/div><div id=\"pg-829-2\"  class=\"panel-grid panel-has-style\" ><div class=\"siteorigin-panels-stretch panel-row-style panel-row-style-for-829-2\" data-stretch-type=\"full\" ><div id=\"pgc-829-2-0\"  class=\"panel-grid-cell\" ><div id=\"panel-829-2-0-0\" class=\"so-panel widget widget_sow-editor panel-first-child\" data-index=\"3\" ><div\n\t\t\t\n\t\t\tclass=\"so-widget-sow-editor so-widget-sow-editor-base\"\n\t\t\t\n\t\t>\n<div class=\"siteorigin-widget-tinymce textwidget\">\n\t<h2>Semana Medieval en Montblanc<\/h2>\n<p>Las fiestas mas destacadas de la comarca, des de el punto de vista de la promoci\u00f3n tur\u00edstica y de la duraci\u00f3n de las costumbres y de las tradiciones de la Conca, disfrutan de la declaraci\u00f3n de <strong>''Fiestas de inter\u00e9s comarcal''<\/strong> que concede anualmente el Consejo Comarcal. La fiesta m\u00e1s destacada de la comarca es la Semana Medieval de Sant Jordi (Montblanc): La <strong>Semana Medieval<\/strong> es, por sus caracter\u00edsticas, \u00fanica en Catalunya. La capital de la Conca (el conjunto monumental medieval mas importante de Catalunya) aparece durante la semana de Sant Jordi decorada y ambientada igual a como era en el siglo XIV. En sus torres y murallas ondean las banderas de las antiguas casas se\u00f1oriales de la vila y en las calles y en las plazas presiden los colores de las cuatro casas nobles m\u00e1s importantes de la poblaci\u00f3n. El ambiente medieval preside en todos y cada uno de los actos culturales, festivos, deportivos y sociales que se realizan durante la Semana.<\/p>\n<\/div>\n<\/div><\/div><div id=\"panel-829-2-0-1\" class=\"so-panel widget widget_sow-simple-masonry panel-last-child\" data-index=\"4\" ><div\n\t\t\t\n\t\t\tclass=\"so-widget-sow-simple-masonry so-widget-sow-simple-masonry-default-d75171398898-829\"\n\t\t\t\n\t\t>\n\n<div class=\"sow-masonry-grid\"\n\tdata-layouts=\"{&quot;desktop&quot;:{&quot;numColumns&quot;:4,&quot;rowHeight&quot;:200,&quot;gutter&quot;:20},&quot;tablet&quot;:{&quot;breakPoint&quot;:768,&quot;numColumns&quot;:2,&quot;rowHeight&quot;:0,&quot;gutter&quot;:0},&quot;mobile&quot;:{&quot;breakPoint&quot;:480,&quot;numColumns&quot;:1,&quot;rowHeight&quot;:0,&quot;gutter&quot;:0}}\" data-layout-origin-left=\"true\" >\n\t\t\t\t<div class=\"sow-masonry-grid-item\" data-col-span=\"1\"\n\t\t\t\tdata-row-span=\"1\">\n\t\t\t\t\n\t\t\t\t\n\t\t\t\t<img loading=\"lazy\" decoding=\"async\" width=\"600\" height=\"450\" src=\"https:\/\/cangasol.net\/wp-content\/uploads\/casa-4.jpg\" class=\"sow-masonry-grid-image\" alt=\"\" title=\"\" srcset=\"https:\/\/cangasol.net\/wp-content\/uploads\/casa-4.jpg 600w, https:\/\/cangasol.net\/wp-content\/uploads\/casa-4-300x225.jpg 300w\" sizes=\"auto, (max-width: 600px) 100vw, 600px\" \/>\n\t\t\t\t\n\t\t\t\t\t\t\t<\/div>\n\t\t\t\t\t\t<div class=\"sow-masonry-grid-item\" data-col-span=\"1\"\n\t\t\t\tdata-row-span=\"1\">\n\t\t\t\t\n\t\t\t\t\n\t\t\t\t<img loading=\"lazy\" decoding=\"async\" width=\"600\" height=\"450\" src=\"https:\/\/cangasol.net\/wp-content\/uploads\/casa-5.jpg\" class=\"sow-masonry-grid-image\" alt=\"\" title=\"\" srcset=\"https:\/\/cangasol.net\/wp-content\/uploads\/casa-5.jpg 600w, https:\/\/cangasol.net\/wp-content\/uploads\/casa-5-300x225.jpg 300w\" sizes=\"auto, (max-width: 600px) 100vw, 600px\" \/>\n\t\t\t\t\n\t\t\t\t\t\t\t<\/div>\n\t\t\t\t\t\t<div class=\"sow-masonry-grid-item\" data-col-span=\"1\"\n\t\t\t\tdata-row-span=\"1\">\n\t\t\t\t\n\t\t\t\t\n\t\t\t\t<img loading=\"lazy\" decoding=\"async\" width=\"600\" height=\"450\" src=\"https:\/\/cangasol.net\/wp-content\/uploads\/casa-3.jpg\" class=\"sow-masonry-grid-image\" alt=\"\" title=\"\" srcset=\"https:\/\/cangasol.net\/wp-content\/uploads\/casa-3.jpg 600w, https:\/\/cangasol.net\/wp-content\/uploads\/casa-3-300x225.jpg 300w\" sizes=\"auto, (max-width: 600px) 100vw, 600px\" \/>\n\t\t\t\t\n\t\t\t\t\t\t\t<\/div>\n\t\t\t\t\t\t<div class=\"sow-masonry-grid-item\" data-col-span=\"1\"\n\t\t\t\tdata-row-span=\"1\">\n\t\t\t\t\n\t\t\t\t\n\t\t\t\t<img loading=\"lazy\" decoding=\"async\" width=\"600\" height=\"450\" src=\"https:\/\/cangasol.net\/wp-content\/uploads\/casa-6.jpg\" class=\"sow-masonry-grid-image\" alt=\"\" title=\"\" srcset=\"https:\/\/cangasol.net\/wp-content\/uploads\/casa-6.jpg 600w, https:\/\/cangasol.net\/wp-content\/uploads\/casa-6-300x225.jpg 300w\" sizes=\"auto, (max-width: 600px) 100vw, 600px\" \/>\n\t\t\t\t\n\t\t\t\t\t\t\t<\/div>\n\t\t\t\n<\/div>\n<\/div><\/div><\/div><\/div><\/div><div id=\"pg-829-3\"  class=\"panel-grid panel-has-style\" ><div class=\"siteorigin-panels-stretch panel-row-style panel-row-style-for-829-3\" data-stretch-type=\"full\" ><div id=\"pgc-829-3-0\"  class=\"panel-grid-cell\" ><div id=\"panel-829-3-0-0\" class=\"so-panel widget widget_sow-editor panel-first-child\" data-index=\"5\" ><div\n\t\t\t\n\t\t\tclass=\"so-widget-sow-editor so-widget-sow-editor-base\"\n\t\t\t\n\t\t>\n<div class=\"siteorigin-widget-tinymce textwidget\">\n\t<h2>Bodegas modernistas<\/h2>\n<p>Las <strong>bodegas modernistas<\/strong> tienen un lugar destacado en el patrimonio arquitect\u00f3nico de la Conca de Barber\u00e0 y de Catalunya. Las <strong>Catedrales del Vino<\/strong>, como fueron bautizadas por \u00c0ngel Guimer\u00e0, son el reflejo invertido por generaciones de agricultores de la comarca despu\u00e9s del deshecho ocasionado por la plaga de la filoxera a finales del siglo pasado para levantar la econom\u00eda agr\u00edcola de la Conca. Los ide\u00f3logos-constructores de \u00e9stas aut\u00e9nticas catedrales del esfuerzo solidario de los agricultores de la Conca fueron los arquitectos <strong>Pere D\u00f2mennech<\/strong> i <strong>C\u00e8sar Martinell<\/strong>. Seguir la ruta de las bodegas modernistas permite al visitante de la Conca Barber\u00e0 compaginar plenamente arte con <strong>gastronom\u00eda<\/strong> y <strong>cultura<\/strong> con tradici\u00f3n.<\/p>\n<\/div>\n<\/div><\/div><div id=\"panel-829-3-0-1\" class=\"so-panel widget widget_sow-simple-masonry panel-last-child\" data-index=\"6\" ><div\n\t\t\t\n\t\t\tclass=\"so-widget-sow-simple-masonry so-widget-sow-simple-masonry-default-d75171398898-829\"\n\t\t\t\n\t\t>\n\n<div class=\"sow-masonry-grid\"\n\tdata-layouts=\"{&quot;desktop&quot;:{&quot;numColumns&quot;:4,&quot;rowHeight&quot;:200,&quot;gutter&quot;:20},&quot;tablet&quot;:{&quot;breakPoint&quot;:768,&quot;numColumns&quot;:2,&quot;rowHeight&quot;:0,&quot;gutter&quot;:0},&quot;mobile&quot;:{&quot;breakPoint&quot;:480,&quot;numColumns&quot;:1,&quot;rowHeight&quot;:0,&quot;gutter&quot;:0}}\" data-layout-origin-left=\"true\" >\n\t\t\t\t<div class=\"sow-masonry-grid-item\" data-col-span=\"1\"\n\t\t\t\tdata-row-span=\"1\">\n\t\t\t\t\n\t\t\t\t\n\t\t\t\t<img loading=\"lazy\" decoding=\"async\" width=\"600\" height=\"450\" src=\"https:\/\/cangasol.net\/wp-content\/uploads\/casa-4.jpg\" class=\"sow-masonry-grid-image\" alt=\"\" title=\"\" srcset=\"https:\/\/cangasol.net\/wp-content\/uploads\/casa-4.jpg 600w, https:\/\/cangasol.net\/wp-content\/uploads\/casa-4-300x225.jpg 300w\" sizes=\"auto, (max-width: 600px) 100vw, 600px\" \/>\n\t\t\t\t\n\t\t\t\t\t\t\t<\/div>\n\t\t\t\t\t\t<div class=\"sow-masonry-grid-item\" data-col-span=\"1\"\n\t\t\t\tdata-row-span=\"1\">\n\t\t\t\t\n\t\t\t\t\n\t\t\t\t<img loading=\"lazy\" decoding=\"async\" width=\"600\" height=\"450\" src=\"https:\/\/cangasol.net\/wp-content\/uploads\/casa-5.jpg\" class=\"sow-masonry-grid-image\" alt=\"\" title=\"\" srcset=\"https:\/\/cangasol.net\/wp-content\/uploads\/casa-5.jpg 600w, https:\/\/cangasol.net\/wp-content\/uploads\/casa-5-300x225.jpg 300w\" sizes=\"auto, (max-width: 600px) 100vw, 600px\" \/>\n\t\t\t\t\n\t\t\t\t\t\t\t<\/div>\n\t\t\t\t\t\t<div class=\"sow-masonry-grid-item\" data-col-span=\"1\"\n\t\t\t\tdata-row-span=\"1\">\n\t\t\t\t\n\t\t\t\t\n\t\t\t\t<img loading=\"lazy\" decoding=\"async\" width=\"600\" height=\"450\" src=\"https:\/\/cangasol.net\/wp-content\/uploads\/casa-3.jpg\" class=\"sow-masonry-grid-image\" alt=\"\" title=\"\" srcset=\"https:\/\/cangasol.net\/wp-content\/uploads\/casa-3.jpg 600w, https:\/\/cangasol.net\/wp-content\/uploads\/casa-3-300x225.jpg 300w\" sizes=\"auto, (max-width: 600px) 100vw, 600px\" \/>\n\t\t\t\t\n\t\t\t\t\t\t\t<\/div>\n\t\t\t\t\t\t<div class=\"sow-masonry-grid-item\" data-col-span=\"1\"\n\t\t\t\tdata-row-span=\"1\">\n\t\t\t\t\n\t\t\t\t\n\t\t\t\t<img loading=\"lazy\" decoding=\"async\" width=\"600\" height=\"450\" src=\"https:\/\/cangasol.net\/wp-content\/uploads\/casa-6.jpg\" class=\"sow-masonry-grid-image\" alt=\"\" title=\"\" srcset=\"https:\/\/cangasol.net\/wp-content\/uploads\/casa-6.jpg 600w, https:\/\/cangasol.net\/wp-content\/uploads\/casa-6-300x225.jpg 300w\" sizes=\"auto, (max-width: 600px) 100vw, 600px\" \/>\n\t\t\t\t\n\t\t\t\t\t\t\t<\/div>\n\t\t\t\n<\/div>\n<\/div><\/div><\/div><\/div><\/div><div id=\"pg-829-4\"  class=\"panel-grid panel-has-style\" ><div class=\"siteorigin-panels-stretch panel-row-style panel-row-style-for-829-4\" data-stretch-type=\"full\" ><div id=\"pgc-829-4-0\"  class=\"panel-grid-cell\" ><div id=\"panel-829-4-0-0\" class=\"so-panel widget widget_sow-editor panel-first-child\" data-index=\"7\" ><div\n\t\t\t\n\t\t\tclass=\"so-widget-sow-editor so-widget-sow-editor-base\"\n\t\t\t\n\t\t>\n<div class=\"siteorigin-widget-tinymce textwidget\">\n\t<h2>Santa Coloma de Queralt<\/h2>\n<p>Los or\u00edgenes de\u00a0<b>Santa Coloma de Queralt<\/b> se sit\u00faan alrededor del siglo X y se relacionan directamente con la existencia del castillo de Queralt(Bellprat, Anoia). All\u00e1 por el siglo X se levant\u00f3 una peque\u00f1a fortificaci\u00f3n en el actual n\u00facleo de Santa Coloma aprovechando el amparo del Castillo de Queralt. Esta antigua fortificaci\u00f3n ser\u00e1 conocida como la Carlania<\/p>\n<\/div>\n<\/div><\/div><div id=\"panel-829-4-0-1\" class=\"so-panel widget widget_sow-simple-masonry panel-last-child\" data-index=\"8\" ><div\n\t\t\t\n\t\t\tclass=\"so-widget-sow-simple-masonry so-widget-sow-simple-masonry-default-d75171398898-829\"\n\t\t\t\n\t\t>\n\n<div class=\"sow-masonry-grid\"\n\tdata-layouts=\"{&quot;desktop&quot;:{&quot;numColumns&quot;:4,&quot;rowHeight&quot;:200,&quot;gutter&quot;:20},&quot;tablet&quot;:{&quot;breakPoint&quot;:768,&quot;numColumns&quot;:2,&quot;rowHeight&quot;:0,&quot;gutter&quot;:0},&quot;mobile&quot;:{&quot;breakPoint&quot;:480,&quot;numColumns&quot;:1,&quot;rowHeight&quot;:0,&quot;gutter&quot;:0}}\" data-layout-origin-left=\"true\" >\n\t\t\t\t<div class=\"sow-masonry-grid-item\" data-col-span=\"1\"\n\t\t\t\tdata-row-span=\"1\">\n\t\t\t\t\n\t\t\t\t\n\t\t\t\t<img loading=\"lazy\" decoding=\"async\" width=\"600\" height=\"450\" src=\"https:\/\/cangasol.net\/wp-content\/uploads\/casa-4.jpg\" class=\"sow-masonry-grid-image\" alt=\"\" title=\"\" srcset=\"https:\/\/cangasol.net\/wp-content\/uploads\/casa-4.jpg 600w, https:\/\/cangasol.net\/wp-content\/uploads\/casa-4-300x225.jpg 300w\" sizes=\"auto, (max-width: 600px) 100vw, 600px\" \/>\n\t\t\t\t\n\t\t\t\t\t\t\t<\/div>\n\t\t\t\t\t\t<div class=\"sow-masonry-grid-item\" data-col-span=\"1\"\n\t\t\t\tdata-row-span=\"1\">\n\t\t\t\t\n\t\t\t\t\n\t\t\t\t<img loading=\"lazy\" decoding=\"async\" width=\"600\" height=\"450\" src=\"https:\/\/cangasol.net\/wp-content\/uploads\/casa-5.jpg\" class=\"sow-masonry-grid-image\" alt=\"\" title=\"\" srcset=\"https:\/\/cangasol.net\/wp-content\/uploads\/casa-5.jpg 600w, https:\/\/cangasol.net\/wp-content\/uploads\/casa-5-300x225.jpg 300w\" sizes=\"auto, (max-width: 600px) 100vw, 600px\" \/>\n\t\t\t\t\n\t\t\t\t\t\t\t<\/div>\n\t\t\t\t\t\t<div class=\"sow-masonry-grid-item\" data-col-span=\"1\"\n\t\t\t\tdata-row-span=\"1\">\n\t\t\t\t\n\t\t\t\t\n\t\t\t\t<img loading=\"lazy\" decoding=\"async\" width=\"600\" height=\"450\" src=\"https:\/\/cangasol.net\/wp-content\/uploads\/casa-3.jpg\" class=\"sow-masonry-grid-image\" alt=\"\" title=\"\" srcset=\"https:\/\/cangasol.net\/wp-content\/uploads\/casa-3.jpg 600w, https:\/\/cangasol.net\/wp-content\/uploads\/casa-3-300x225.jpg 300w\" sizes=\"auto, (max-width: 600px) 100vw, 600px\" \/>\n\t\t\t\t\n\t\t\t\t\t\t\t<\/div>\n\t\t\t\t\t\t<div class=\"sow-masonry-grid-item\" data-col-span=\"1\"\n\t\t\t\tdata-row-span=\"1\">\n\t\t\t\t\n\t\t\t\t\n\t\t\t\t<img loading=\"lazy\" decoding=\"async\" width=\"600\" height=\"450\" src=\"https:\/\/cangasol.net\/wp-content\/uploads\/casa-6.jpg\" class=\"sow-masonry-grid-image\" alt=\"\" title=\"\" srcset=\"https:\/\/cangasol.net\/wp-content\/uploads\/casa-6.jpg 600w, https:\/\/cangasol.net\/wp-content\/uploads\/casa-6-300x225.jpg 300w\" sizes=\"auto, (max-width: 600px) 100vw, 600px\" \/>\n\t\t\t\t\n\t\t\t\t\t\t\t<\/div>\n\t\t\t\n<\/div>\n<\/div><\/div><\/div><\/div><\/div><div id=\"pg-829-5\"  class=\"panel-grid panel-has-style\" ><div class=\"siteorigin-panels-stretch panel-row-style panel-row-style-for-829-5\" data-stretch-type=\"full\" ><div id=\"pgc-829-5-0\"  class=\"panel-grid-cell\" ><div id=\"panel-829-5-0-0\" class=\"so-panel widget widget_sow-editor panel-first-child panel-last-child\" data-index=\"9\" ><div\n\t\t\t\n\t\t\tclass=\"so-widget-sow-editor so-widget-sow-editor-base\"\n\t\t\t\n\t\t>\n<div class=\"siteorigin-widget-tinymce textwidget\">\n\t<h2>Cerca...<\/h2>\n<p>Las playas de Tarragona a 50 Km.<br \/>Barcelona a 90 Km. por autov\u00eda sin peaje.<br \/>Port Aventura 55 Km.<\/p>\n<h2>Enlaces<\/h2>\n<p><a class=\"enlaces\" href=\"http:\/\/www.larutadelcister.info\/\" target=\"_blank\" rel=\"noopener\">La Ruta del C\u00edster<br \/><\/a><a class=\"enlaces\" href=\"http:\/\/www.concadebarbera.info\/\" target=\"_blank\" rel=\"noopener\">concadebarbera.info<br \/><\/a><a class=\"enlaces\" href=\"http:\/\/www.costadaurada.org\/\" target=\"_blank\" rel=\"noopener\">costadaurada.org<br \/><\/a><a class=\"enlaces\" href=\"http:\/\/www.concaturismerural.com\/\" target=\"_blank\" rel=\"noopener\">concaturismerural.com<br \/><\/a><a class=\"enlaces\" href=\"http:\/\/www.txeni.com\/\" target=\"_blank\" rel=\"noopener\">txeni.com<br \/><\/a><a class=\"enlaces\" href=\"http:\/\/www.rutescatalunya.com\/\" target=\"_blank\" rel=\"noopener\">Rutas Conca de Barber\u00e0<br \/><\/a><a class=\"enlaces\" href=\"http:\/\/www.vegueries.com\/docs\/conca_barbera_cat.pdf\" target=\"_blank\" rel=\"noopener\">Mini-gu\u00eda gratuita de la Conca de Barber\u00e0<br \/><\/a><a class=\"enlaces\" href=\"http:\/\/www.llopaventura.com\/\" target=\"_blank\" rel=\"noopener\">llopaventura.com<br \/><\/a><a class=\"enlaces\" href=\"http:\/\/www.lescavallerisses.com\/\" target=\"_blank\" rel=\"noopener\">Les Cavallerisses<\/a><a class=\"enlaces\" href=\"http:\/\/www.alpotpetithiha.com\/\" target=\"_blank\" rel=\"noopener\"><br \/>Al Pot Petit Hi Ha...<\/a><\/p>\n<\/div>\n<\/div><\/div><\/div><\/div><\/div><\/div>","protected":false},"excerpt":{"rendered":"<p>La comarcaLa comarca administrativa de la Conca de Barber\u00e0 est\u00e1 situada al sud de Catalunya, dentro de la provincia de Tarragona. Es una comarca de interior que limita con las comarcas tarragonas de Alt Camp y Priorat, con las comarcas leridanas de les Garrigues, Urgell y la Segarra; y la comarca barcelon\u00ed de Anoia.La Conca &#8230; <a title=\"Entorno\" class=\"read-more\" href=\"https:\/\/cangasol.net\/es\/entorno\/\" aria-label=\"Leer m\u00e1s sobre Entorno\">Leer m\u00e1s<\/a><\/p>\n","protected":false},"author":5,"featured_media":0,"parent":0,"menu_order":3,"comment_status":"closed","ping_status":"closed","template":"","meta":{"generate_page_header":"","footnotes":""},"class_list":["post-829","page","type-page","status-publish"],"yoast_head":"<!-- This site is optimized with the Yoast SEO plugin v27.2 - https:\/\/yoast.com\/product\/yoast-seo-wordpress\/ -->\n<title>Entorno - Can Gasol<\/title>\n<meta name=\"robots\" content=\"index, follow, max-snippet:-1, max-image-preview:large, max-video-preview:-1\" \/>\n<link rel=\"canonical\" href=\"https:\/\/cangasol.net\/es\/entorno\/\" \/>\n<meta property=\"og:locale\" content=\"es_ES\" \/>\n<meta property=\"og:type\" content=\"article\" \/>\n<meta property=\"og:title\" content=\"Entorno - Can Gasol\" \/>\n<meta property=\"og:description\" content=\"La comarcaLa comarca administrativa de la Conca de Barber\u00e0 est\u00e1 situada al sud de Catalunya, dentro de la provincia de Tarragona. Es una comarca de interior que limita con las comarcas tarragonas de Alt Camp y Priorat, con las comarcas leridanas de les Garrigues, Urgell y la Segarra; y la comarca barcelon\u00ed de Anoia.La Conca ... Leer m\u00e1s\" \/>\n<meta property=\"og:url\" content=\"https:\/\/cangasol.net\/es\/entorno\/\" \/>\n<meta property=\"og:site_name\" content=\"Can Gasol\" \/>\n<meta property=\"article:publisher\" content=\"https:\/\/www.facebook.com\/Can-Gasol-305046562886266\" \/>\n<meta property=\"article:modified_time\" content=\"2017-06-09T08:18:48+00:00\" \/>\n<meta property=\"og:image\" content=\"https:\/\/cangasol.net\/wp-content\/uploads\/casa-4.jpg\" \/>\n<meta name=\"twitter:card\" content=\"summary_large_image\" \/>\n<meta name=\"twitter:label1\" content=\"Tiempo de lectura\" \/>\n\t<meta name=\"twitter:data1\" content=\"3 minutos\" \/>\n<script type=\"application\/ld+json\" class=\"yoast-schema-graph\">{\"@context\":\"https:\/\/schema.org\",\"@graph\":[{\"@type\":\"WebPage\",\"@id\":\"https:\/\/cangasol.net\/es\/entorno\/\",\"url\":\"https:\/\/cangasol.net\/es\/entorno\/\",\"name\":\"Entorno - Can Gasol\",\"isPartOf\":{\"@id\":\"https:\/\/cangasol.net\/#website\"},\"primaryImageOfPage\":{\"@id\":\"https:\/\/cangasol.net\/es\/entorno\/#primaryimage\"},\"image\":{\"@id\":\"https:\/\/cangasol.net\/es\/entorno\/#primaryimage\"},\"thumbnailUrl\":\"https:\/\/cangasol.net\/wp-content\/uploads\/casa-4.jpg\",\"datePublished\":\"2017-06-09T07:45:31+00:00\",\"dateModified\":\"2017-06-09T08:18:48+00:00\",\"breadcrumb\":{\"@id\":\"https:\/\/cangasol.net\/es\/entorno\/#breadcrumb\"},\"inLanguage\":\"es\",\"potentialAction\":[{\"@type\":\"ReadAction\",\"target\":[\"https:\/\/cangasol.net\/es\/entorno\/\"]}]},{\"@type\":\"ImageObject\",\"inLanguage\":\"es\",\"@id\":\"https:\/\/cangasol.net\/es\/entorno\/#primaryimage\",\"url\":\"https:\/\/cangasol.net\/wp-content\/uploads\/casa-4.jpg\",\"contentUrl\":\"https:\/\/cangasol.net\/wp-content\/uploads\/casa-4.jpg\"},{\"@type\":\"BreadcrumbList\",\"@id\":\"https:\/\/cangasol.net\/es\/entorno\/#breadcrumb\",\"itemListElement\":[{\"@type\":\"ListItem\",\"position\":1,\"name\":\"Portada\",\"item\":\"https:\/\/cangasol.net\/es\/\"},{\"@type\":\"ListItem\",\"position\":2,\"name\":\"Entorno\"}]},{\"@type\":\"WebSite\",\"@id\":\"https:\/\/cangasol.net\/#website\",\"url\":\"https:\/\/cangasol.net\/\",\"name\":\"Can Gasol\",\"description\":\"Casa Rural a la Conca del Barber\u00e0\",\"publisher\":{\"@id\":\"https:\/\/cangasol.net\/#organization\"},\"potentialAction\":[{\"@type\":\"SearchAction\",\"target\":{\"@type\":\"EntryPoint\",\"urlTemplate\":\"https:\/\/cangasol.net\/?s={search_term_string}\"},\"query-input\":{\"@type\":\"PropertyValueSpecification\",\"valueRequired\":true,\"valueName\":\"search_term_string\"}}],\"inLanguage\":\"es\"},{\"@type\":\"Organization\",\"@id\":\"https:\/\/cangasol.net\/#organization\",\"name\":\"Can Gasol\",\"url\":\"https:\/\/cangasol.net\/\",\"logo\":{\"@type\":\"ImageObject\",\"inLanguage\":\"es\",\"@id\":\"https:\/\/cangasol.net\/#\/schema\/logo\/image\/\",\"url\":\"https:\/\/cangasol.net\/wp-content\/uploads\/cropped-logo.jpg\",\"contentUrl\":\"https:\/\/cangasol.net\/wp-content\/uploads\/cropped-logo.jpg\",\"width\":171,\"height\":110,\"caption\":\"Can Gasol\"},\"image\":{\"@id\":\"https:\/\/cangasol.net\/#\/schema\/logo\/image\/\"},\"sameAs\":[\"https:\/\/www.facebook.com\/Can-Gasol-305046562886266\"]}]}<\/script>\n<!-- \/ Yoast SEO plugin. -->","yoast_head_json":{"title":"Entorno - Can Gasol","robots":{"index":"index","follow":"follow","max-snippet":"max-snippet:-1","max-image-preview":"max-image-preview:large","max-video-preview":"max-video-preview:-1"},"canonical":"https:\/\/cangasol.net\/es\/entorno\/","og_locale":"es_ES","og_type":"article","og_title":"Entorno - Can Gasol","og_description":"La comarcaLa comarca administrativa de la Conca de Barber\u00e0 est\u00e1 situada al sud de Catalunya, dentro de la provincia de Tarragona. Es una comarca de interior que limita con las comarcas tarragonas de Alt Camp y Priorat, con las comarcas leridanas de les Garrigues, Urgell y la Segarra; y la comarca barcelon\u00ed de Anoia.La Conca ... Leer m\u00e1s","og_url":"https:\/\/cangasol.net\/es\/entorno\/","og_site_name":"Can Gasol","article_publisher":"https:\/\/www.facebook.com\/Can-Gasol-305046562886266","article_modified_time":"2017-06-09T08:18:48+00:00","og_image":[{"url":"https:\/\/cangasol.net\/wp-content\/uploads\/casa-4.jpg","type":"","width":"","height":""}],"twitter_card":"summary_large_image","twitter_misc":{"Tiempo de lectura":"3 minutos"},"schema":{"@context":"https:\/\/schema.org","@graph":[{"@type":"WebPage","@id":"https:\/\/cangasol.net\/es\/entorno\/","url":"https:\/\/cangasol.net\/es\/entorno\/","name":"Entorno - Can Gasol","isPartOf":{"@id":"https:\/\/cangasol.net\/#website"},"primaryImageOfPage":{"@id":"https:\/\/cangasol.net\/es\/entorno\/#primaryimage"},"image":{"@id":"https:\/\/cangasol.net\/es\/entorno\/#primaryimage"},"thumbnailUrl":"https:\/\/cangasol.net\/wp-content\/uploads\/casa-4.jpg","datePublished":"2017-06-09T07:45:31+00:00","dateModified":"2017-06-09T08:18:48+00:00","breadcrumb":{"@id":"https:\/\/cangasol.net\/es\/entorno\/#breadcrumb"},"inLanguage":"es","potentialAction":[{"@type":"ReadAction","target":["https:\/\/cangasol.net\/es\/entorno\/"]}]},{"@type":"ImageObject","inLanguage":"es","@id":"https:\/\/cangasol.net\/es\/entorno\/#primaryimage","url":"https:\/\/cangasol.net\/wp-content\/uploads\/casa-4.jpg","contentUrl":"https:\/\/cangasol.net\/wp-content\/uploads\/casa-4.jpg"},{"@type":"BreadcrumbList","@id":"https:\/\/cangasol.net\/es\/entorno\/#breadcrumb","itemListElement":[{"@type":"ListItem","position":1,"name":"Portada","item":"https:\/\/cangasol.net\/es\/"},{"@type":"ListItem","position":2,"name":"Entorno"}]},{"@type":"WebSite","@id":"https:\/\/cangasol.net\/#website","url":"https:\/\/cangasol.net\/","name":"Can Gasol","description":"Casa Rural a la Conca del Barber\u00e0","publisher":{"@id":"https:\/\/cangasol.net\/#organization"},"potentialAction":[{"@type":"SearchAction","target":{"@type":"EntryPoint","urlTemplate":"https:\/\/cangasol.net\/?s={search_term_string}"},"query-input":{"@type":"PropertyValueSpecification","valueRequired":true,"valueName":"search_term_string"}}],"inLanguage":"es"},{"@type":"Organization","@id":"https:\/\/cangasol.net\/#organization","name":"Can Gasol","url":"https:\/\/cangasol.net\/","logo":{"@type":"ImageObject","inLanguage":"es","@id":"https:\/\/cangasol.net\/#\/schema\/logo\/image\/","url":"https:\/\/cangasol.net\/wp-content\/uploads\/cropped-logo.jpg","contentUrl":"https:\/\/cangasol.net\/wp-content\/uploads\/cropped-logo.jpg","width":171,"height":110,"caption":"Can Gasol"},"image":{"@id":"https:\/\/cangasol.net\/#\/schema\/logo\/image\/"},"sameAs":["https:\/\/www.facebook.com\/Can-Gasol-305046562886266"]}]}},"_links":{"self":[{"href":"https:\/\/cangasol.net\/es\/wp-json\/wp\/v2\/pages\/829","targetHints":{"allow":["GET"]}}],"collection":[{"href":"https:\/\/cangasol.net\/es\/wp-json\/wp\/v2\/pages"}],"about":[{"href":"https:\/\/cangasol.net\/es\/wp-json\/wp\/v2\/types\/page"}],"author":[{"embeddable":true,"href":"https:\/\/cangasol.net\/es\/wp-json\/wp\/v2\/users\/5"}],"replies":[{"embeddable":true,"href":"https:\/\/cangasol.net\/es\/wp-json\/wp\/v2\/comments?post=829"}],"version-history":[{"count":7,"href":"https:\/\/cangasol.net\/es\/wp-json\/wp\/v2\/pages\/829\/revisions"}],"predecessor-version":[{"id":850,"href":"https:\/\/cangasol.net\/es\/wp-json\/wp\/v2\/pages\/829\/revisions\/850"}],"wp:attachment":[{"href":"https:\/\/cangasol.net\/es\/wp-json\/wp\/v2\/media?parent=829"}],"curies":[{"name":"wp","href":"https:\/\/api.w.org\/{rel}","templated":true}]}}